{"id":2370,"date":"2024-03-23T09:23:32","date_gmt":"2024-03-23T12:23:32","guid":{"rendered":"https:\/\/apruema.org.br\/?page_id=2370"},"modified":"2024-03-23T10:06:17","modified_gmt":"2024-03-23T13:06:17","slug":"noticias","status":"publish","type":"page","link":"https:\/\/apruema.org.br\/index.php\/noticias\/","title":{"rendered":"Noticias"},"content":{"rendered":"\t\t<div data-elementor-type=\"wp-page\" data-elementor-id=\"2370\" class=\"elementor elementor-2370\" data-elementor-post-type=\"page\">\n\t\t\t\t<div class=\"elementor-element elementor-element-c4f1b27 e-flex e-con-boxed e-con e-parent\" data-id=\"c4f1b27\" data-element_type=\"container\">\n\t\t\t\t\t<div class=\"e-con-inner\">\n\t\t\t\t<div class=\"elementor-element elementor-element-f5e9d12 elementor-widget elementor-widget-heading\" data-id=\"f5e9d12\" data-element_type=\"widget\" data-widget_type=\"heading.default\">\n\t\t\t\t<div class=\"elementor-widget-container\">\n\t\t\t<style>\/*! elementor - v3.22.0 - 17-06-2024 *\/\n.elementor-heading-title{padding:0;margin:0;line-height:1}.elementor-widget-heading .elementor-heading-title[class*=elementor-size-]>a{color:inherit;font-size:inherit;line-height:inherit}.elementor-widget-heading .elementor-heading-title.elementor-size-small{font-size:15px}.elementor-widget-heading .elementor-heading-title.elementor-size-medium{font-size:19px}.elementor-widget-heading .elementor-heading-title.elementor-size-large{font-size:29px}.elementor-widget-heading .elementor-heading-title.elementor-size-xl{font-size:39px}.elementor-widget-heading .elementor-heading-title.elementor-size-xxl{font-size:59px}<\/style><h2 class=\"elementor-heading-title elementor-size-default\">Not\u00edcias<\/h2>\t\t<\/div>\n\t\t\t\t<\/div>\n\t\t\t\t\t<\/div>\n\t\t\t\t<\/div>\n\t\t<div class=\"elementor-element elementor-element-5af76cd e-flex e-con-boxed e-con e-parent\" data-id=\"5af76cd\" data-element_type=\"container\">\n\t\t\t\t\t<div class=\"e-con-inner\">\n\t\t\t\t<div class=\"elementor-element elementor-element-11dc68c elementor-grid-3 elementor-grid-tablet-2 elementor-grid-mobile-1 elementor-posts--thumbnail-top elementor-card-shadow-yes elementor-posts__hover-gradient elementor-widget elementor-widget-posts\" data-id=\"11dc68c\" data-element_type=\"widget\" data-settings=\"{&quot;pagination_type&quot;:&quot;numbers&quot;,&quot;cards_columns&quot;:&quot;3&quot;,&quot;cards_columns_tablet&quot;:&quot;2&quot;,&quot;cards_columns_mobile&quot;:&quot;1&quot;,&quot;cards_row_gap&quot;:{&quot;unit&quot;:&quot;px&quot;,&quot;size&quot;:35,&quot;sizes&quot;:[]},&quot;cards_row_gap_tablet&quot;:{&quot;unit&quot;:&quot;px&quot;,&quot;size&quot;:&quot;&quot;,&quot;sizes&quot;:[]},&quot;cards_row_gap_mobile&quot;:{&quot;unit&quot;:&quot;px&quot;,&quot;size&quot;:&quot;&quot;,&quot;sizes&quot;:[]}}\" data-widget_type=\"posts.cards\">\n\t\t\t\t<div class=\"elementor-widget-container\">\n\t\t\t<link rel=\"stylesheet\" href=\"https:\/\/apruema.org.br\/wp-content\/plugins\/elementor-pro\/assets\/css\/widget-posts.min.css\">\t\t<div class=\"elementor-posts-container elementor-posts elementor-posts--skin-cards elementor-grid\">\n\t\t\t\t<article class=\"elementor-post elementor-grid-item post-3620 post type-post status-publish format-standard has-post-thumbnail hentry category-youtube\">\n\t\t\t<div class=\"elementor-post__card\">\n\t\t\t\t<a class=\"elementor-post__thumbnail__link\" href=\"https:\/\/apruema.org.br\/index.php\/2026\/04\/25\/46-anos-da-apruema\/\" tabindex=\"-1\" ><div class=\"elementor-post__thumbnail\"><img fetchpriority=\"high\" decoding=\"async\" width=\"300\" height=\"225\" src=\"https:\/\/apruema.org.br\/wp-content\/uploads\/2026\/04\/hqdefault-300x225.jpg\" class=\"attachment-medium size-medium wp-image-3621\" alt=\"\" srcset=\"https:\/\/apruema.org.br\/wp-content\/uploads\/2026\/04\/hqdefault-300x225.jpg 300w, https:\/\/apruema.org.br\/wp-content\/uploads\/2026\/04\/hqdefault-150x113.jpg 150w, https:\/\/apruema.org.br\/wp-content\/uploads\/2026\/04\/hqdefault.jpg 480w\" sizes=\"(max-width: 300px) 100vw, 300px\" \/><\/div><\/a>\n\t\t\t\t<div class=\"elementor-post__badge\">youtube<\/div>\n\t\t\t\t<div class=\"elementor-post__text\">\n\t\t\t\t<h4 class=\"elementor-post__title\">\n\t\t\t<a href=\"https:\/\/apruema.org.br\/index.php\/2026\/04\/25\/46-anos-da-apruema\/\" >\n\t\t\t\t46 anos da Apruema\t\t\t<\/a>\n\t\t<\/h4>\n\t\t\t\t<div class=\"elementor-post__excerpt\">\n\t\t\t\t\t<\/div>\n\t\t\n\t\t<a class=\"elementor-post__read-more\" href=\"https:\/\/apruema.org.br\/index.php\/2026\/04\/25\/46-anos-da-apruema\/\" aria-label=\"Read more about 46 anos da Apruema\" tabindex=\"-1\" >\n\t\t\tLeia mais \u00bb\t\t<\/a>\n\n\t\t\t\t<\/div>\n\t\t\t\t<div class=\"elementor-post__meta-data\">\n\t\t\t\t\t<span class=\"elementor-post-date\">\n\t\t\t25 de abril de 2026\t\t<\/span>\n\t\t\t\t<span class=\"elementor-post-avatar\">\n\t\t\tNenhum coment\u00e1rio\t\t<\/span>\n\t\t\t\t<\/div>\n\t\t\t\t\t<\/div>\n\t\t<\/article>\n\t\t\t\t<article class=\"elementor-post elementor-grid-item post-3585 post type-post status-publish format-standard has-post-thumbnail hentry category-ultimas-noticias\">\n\t\t\t<div class=\"elementor-post__card\">\n\t\t\t\t<a class=\"elementor-post__thumbnail__link\" href=\"https:\/\/apruema.org.br\/index.php\/2026\/04\/24\/apruema-completa-46-anos-de-historia-marcada-por-lutas-articulacao-institucional-e-defesa-da-valorizacao-docente-no-maranhao\/\" tabindex=\"-1\" ><div class=\"elementor-post__thumbnail\"><img decoding=\"async\" width=\"300\" height=\"225\" src=\"https:\/\/apruema.org.br\/wp-content\/uploads\/2026\/04\/Imagem-do-WhatsApp-de-2024-04-24-as-13.27.00_bc11a5ac-300x225.jpg\" class=\"attachment-medium size-medium wp-image-3587\" alt=\"\" srcset=\"https:\/\/apruema.org.br\/wp-content\/uploads\/2026\/04\/Imagem-do-WhatsApp-de-2024-04-24-as-13.27.00_bc11a5ac-300x225.jpg 300w, https:\/\/apruema.org.br\/wp-content\/uploads\/2026\/04\/Imagem-do-WhatsApp-de-2024-04-24-as-13.27.00_bc11a5ac-1024x768.jpg 1024w, https:\/\/apruema.org.br\/wp-content\/uploads\/2026\/04\/Imagem-do-WhatsApp-de-2024-04-24-as-13.27.00_bc11a5ac-768x576.jpg 768w, https:\/\/apruema.org.br\/wp-content\/uploads\/2026\/04\/Imagem-do-WhatsApp-de-2024-04-24-as-13.27.00_bc11a5ac-1536x1152.jpg 1536w, https:\/\/apruema.org.br\/wp-content\/uploads\/2026\/04\/Imagem-do-WhatsApp-de-2024-04-24-as-13.27.00_bc11a5ac-2048x1536.jpg 2048w, https:\/\/apruema.org.br\/wp-content\/uploads\/2026\/04\/Imagem-do-WhatsApp-de-2024-04-24-as-13.27.00_bc11a5ac-150x113.jpg 150w\" sizes=\"(max-width: 300px) 100vw, 300px\" \/><\/div><\/a>\n\t\t\t\t<div class=\"elementor-post__badge\">\u00daltimas not\u00edcias<\/div>\n\t\t\t\t<div class=\"elementor-post__text\">\n\t\t\t\t<h4 class=\"elementor-post__title\">\n\t\t\t<a href=\"https:\/\/apruema.org.br\/index.php\/2026\/04\/24\/apruema-completa-46-anos-de-historia-marcada-por-lutas-articulacao-institucional-e-defesa-da-valorizacao-docente-no-maranhao\/\" >\n\t\t\t\tApruema completa 46 anos de hist\u00f3ria marcada por lutas, articula\u00e7\u00e3o institucional e defesa da valoriza\u00e7\u00e3o docente no Maranh\u00e3o\t\t\t<\/a>\n\t\t<\/h4>\n\t\t\t\t<div class=\"elementor-post__excerpt\">\n\t\t\t<p>Fundada em 25 de abril de 1980, ainda no contexto da ent\u00e3o Federa\u00e7\u00e3o das Escolas Superiores do Maranh\u00e3o (FESM), a Associa\u00e7\u00e3o dos Professores da Universidade<\/p>\n\t\t<\/div>\n\t\t\n\t\t<a class=\"elementor-post__read-more\" href=\"https:\/\/apruema.org.br\/index.php\/2026\/04\/24\/apruema-completa-46-anos-de-historia-marcada-por-lutas-articulacao-institucional-e-defesa-da-valorizacao-docente-no-maranhao\/\" aria-label=\"Read more about Apruema completa 46 anos de hist\u00f3ria marcada por lutas, articula\u00e7\u00e3o institucional e defesa da valoriza\u00e7\u00e3o docente no Maranh\u00e3o\" tabindex=\"-1\" >\n\t\t\tLeia mais \u00bb\t\t<\/a>\n\n\t\t\t\t<\/div>\n\t\t\t\t<div class=\"elementor-post__meta-data\">\n\t\t\t\t\t<span class=\"elementor-post-date\">\n\t\t\t24 de abril de 2026\t\t<\/span>\n\t\t\t\t<span class=\"elementor-post-avatar\">\n\t\t\tNenhum coment\u00e1rio\t\t<\/span>\n\t\t\t\t<\/div>\n\t\t\t\t\t<\/div>\n\t\t<\/article>\n\t\t\t\t<article class=\"elementor-post elementor-grid-item post-3574 post type-post status-publish format-standard has-post-thumbnail hentry category-ultimas-noticias\">\n\t\t\t<div class=\"elementor-post__card\">\n\t\t\t\t<a class=\"elementor-post__thumbnail__link\" href=\"https:\/\/apruema.org.br\/index.php\/2026\/03\/30\/governador-anuncia-reajuste-salarial-para-professores-da-uema-e-da-uemasul\/\" tabindex=\"-1\" ><div class=\"elementor-post__thumbnail\"><img decoding=\"async\" width=\"195\" height=\"300\" src=\"https:\/\/apruema.org.br\/wp-content\/uploads\/2026\/03\/IMG_1892-195x300.jpeg\" class=\"attachment-medium size-medium wp-image-3575\" alt=\"\" srcset=\"https:\/\/apruema.org.br\/wp-content\/uploads\/2026\/03\/IMG_1892-195x300.jpeg 195w, https:\/\/apruema.org.br\/wp-content\/uploads\/2026\/03\/IMG_1892-665x1024.jpeg 665w, https:\/\/apruema.org.br\/wp-content\/uploads\/2026\/03\/IMG_1892-768x1182.jpeg 768w, https:\/\/apruema.org.br\/wp-content\/uploads\/2026\/03\/IMG_1892-998x1536.jpeg 998w, https:\/\/apruema.org.br\/wp-content\/uploads\/2026\/03\/IMG_1892-150x231.jpeg 150w, https:\/\/apruema.org.br\/wp-content\/uploads\/2026\/03\/IMG_1892.jpeg 1179w\" sizes=\"(max-width: 195px) 100vw, 195px\" \/><\/div><\/a>\n\t\t\t\t<div class=\"elementor-post__badge\">\u00daltimas not\u00edcias<\/div>\n\t\t\t\t<div class=\"elementor-post__text\">\n\t\t\t\t<h4 class=\"elementor-post__title\">\n\t\t\t<a href=\"https:\/\/apruema.org.br\/index.php\/2026\/03\/30\/governador-anuncia-reajuste-salarial-para-professores-da-uema-e-da-uemasul\/\" >\n\t\t\t\tGovernador anuncia reajuste salarial para professores da Uema e da Uemasul\t\t\t<\/a>\n\t\t<\/h4>\n\t\t\t\t<div class=\"elementor-post__excerpt\">\n\t\t\t<p>O governador do Maranh\u00e3o, Carlos Brand\u00e3o, anunciou, nesta segunda-feira (30), por meio de suas redes sociais, o reajuste salarial dos professores da Universidade Estadual do<\/p>\n\t\t<\/div>\n\t\t\n\t\t<a class=\"elementor-post__read-more\" href=\"https:\/\/apruema.org.br\/index.php\/2026\/03\/30\/governador-anuncia-reajuste-salarial-para-professores-da-uema-e-da-uemasul\/\" aria-label=\"Read more about Governador anuncia reajuste salarial para professores da Uema e da Uemasul\" tabindex=\"-1\" >\n\t\t\tLeia mais \u00bb\t\t<\/a>\n\n\t\t\t\t<\/div>\n\t\t\t\t<div class=\"elementor-post__meta-data\">\n\t\t\t\t\t<span class=\"elementor-post-date\">\n\t\t\t30 de mar\u00e7o de 2026\t\t<\/span>\n\t\t\t\t<span class=\"elementor-post-avatar\">\n\t\t\tNenhum coment\u00e1rio\t\t<\/span>\n\t\t\t\t<\/div>\n\t\t\t\t\t<\/div>\n\t\t<\/article>\n\t\t\t\t<article class=\"elementor-post elementor-grid-item post-3569 post type-post status-publish format-standard has-post-thumbnail hentry category-ultimas-noticias\">\n\t\t\t<div class=\"elementor-post__card\">\n\t\t\t\t<a class=\"elementor-post__thumbnail__link\" href=\"https:\/\/apruema.org.br\/index.php\/2026\/03\/24\/mais-um-doutor-na-uema-apruema-destaca-conquista-academica-do-professor-flavio-trindade\/\" tabindex=\"-1\" ><div class=\"elementor-post__thumbnail\"><img loading=\"lazy\" decoding=\"async\" width=\"300\" height=\"121\" src=\"https:\/\/apruema.org.br\/wp-content\/uploads\/2026\/03\/WhatsApp-Image-2026-03-24-at-15.47.49-300x121.jpeg\" class=\"attachment-medium size-medium wp-image-3570\" alt=\"\" srcset=\"https:\/\/apruema.org.br\/wp-content\/uploads\/2026\/03\/WhatsApp-Image-2026-03-24-at-15.47.49-300x121.jpeg 300w, https:\/\/apruema.org.br\/wp-content\/uploads\/2026\/03\/WhatsApp-Image-2026-03-24-at-15.47.49-1024x412.jpeg 1024w, https:\/\/apruema.org.br\/wp-content\/uploads\/2026\/03\/WhatsApp-Image-2026-03-24-at-15.47.49-768x309.jpeg 768w, https:\/\/apruema.org.br\/wp-content\/uploads\/2026\/03\/WhatsApp-Image-2026-03-24-at-15.47.49-150x60.jpeg 150w, https:\/\/apruema.org.br\/wp-content\/uploads\/2026\/03\/WhatsApp-Image-2026-03-24-at-15.47.49.jpeg 1042w\" sizes=\"(max-width: 300px) 100vw, 300px\" \/><\/div><\/a>\n\t\t\t\t<div class=\"elementor-post__badge\">\u00daltimas not\u00edcias<\/div>\n\t\t\t\t<div class=\"elementor-post__text\">\n\t\t\t\t<h4 class=\"elementor-post__title\">\n\t\t\t<a href=\"https:\/\/apruema.org.br\/index.php\/2026\/03\/24\/mais-um-doutor-na-uema-apruema-destaca-conquista-academica-do-professor-flavio-trindade\/\" >\n\t\t\t\tMais um doutor na Uema: Apruema destaca conquista acad\u00eamica do professor Fl\u00e1vio Trindade\t\t\t<\/a>\n\t\t<\/h4>\n\t\t\t\t<div class=\"elementor-post__excerpt\">\n\t\t\t<p>A Associa\u00e7\u00e3o dos Professores da Universidade Estadual do Maranh\u00e3o (Apruema) parabeniza o professor Fl\u00e1vio Trindade Jer\u00f4nimo, do Centro de Ci\u00eancias Sociais Aplicadas (CCSA) da Uema,<\/p>\n\t\t<\/div>\n\t\t\n\t\t<a class=\"elementor-post__read-more\" href=\"https:\/\/apruema.org.br\/index.php\/2026\/03\/24\/mais-um-doutor-na-uema-apruema-destaca-conquista-academica-do-professor-flavio-trindade\/\" aria-label=\"Read more about Mais um doutor na Uema: Apruema destaca conquista acad\u00eamica do professor Fl\u00e1vio Trindade\" tabindex=\"-1\" >\n\t\t\tLeia mais \u00bb\t\t<\/a>\n\n\t\t\t\t<\/div>\n\t\t\t\t<div class=\"elementor-post__meta-data\">\n\t\t\t\t\t<span class=\"elementor-post-date\">\n\t\t\t24 de mar\u00e7o de 2026\t\t<\/span>\n\t\t\t\t<span class=\"elementor-post-avatar\">\n\t\t\tNenhum coment\u00e1rio\t\t<\/span>\n\t\t\t\t<\/div>\n\t\t\t\t\t<\/div>\n\t\t<\/article>\n\t\t\t\t<article class=\"elementor-post elementor-grid-item post-3564 post type-post status-publish format-standard has-post-thumbnail hentry category-ultimas-noticias\">\n\t\t\t<div class=\"elementor-post__card\">\n\t\t\t\t<a class=\"elementor-post__thumbnail__link\" href=\"https:\/\/apruema.org.br\/index.php\/2026\/03\/18\/apruema-se-reune-com-secretario-da-sead-ma-e-reitores-da-uema-e-uemasul-para-tratar-de-reajuste-salarial\/\" tabindex=\"-1\" ><div class=\"elementor-post__thumbnail\"><img loading=\"lazy\" decoding=\"async\" width=\"300\" height=\"153\" src=\"https:\/\/apruema.org.br\/wp-content\/uploads\/2026\/03\/WhatsApp-Image-2026-03-18-at-15.55.45-300x153.jpeg\" class=\"attachment-medium size-medium wp-image-3565\" alt=\"\" srcset=\"https:\/\/apruema.org.br\/wp-content\/uploads\/2026\/03\/WhatsApp-Image-2026-03-18-at-15.55.45-300x153.jpeg 300w, https:\/\/apruema.org.br\/wp-content\/uploads\/2026\/03\/WhatsApp-Image-2026-03-18-at-15.55.45-1024x522.jpeg 1024w, https:\/\/apruema.org.br\/wp-content\/uploads\/2026\/03\/WhatsApp-Image-2026-03-18-at-15.55.45-768x391.jpeg 768w, https:\/\/apruema.org.br\/wp-content\/uploads\/2026\/03\/WhatsApp-Image-2026-03-18-at-15.55.45-150x76.jpeg 150w, https:\/\/apruema.org.br\/wp-content\/uploads\/2026\/03\/WhatsApp-Image-2026-03-18-at-15.55.45.jpeg 1280w\" sizes=\"(max-width: 300px) 100vw, 300px\" \/><\/div><\/a>\n\t\t\t\t<div class=\"elementor-post__badge\">\u00daltimas not\u00edcias<\/div>\n\t\t\t\t<div class=\"elementor-post__text\">\n\t\t\t\t<h4 class=\"elementor-post__title\">\n\t\t\t<a href=\"https:\/\/apruema.org.br\/index.php\/2026\/03\/18\/apruema-se-reune-com-secretario-da-sead-ma-e-reitores-da-uema-e-uemasul-para-tratar-de-reajuste-salarial\/\" >\n\t\t\t\tApruema se re\u00fane com secret\u00e1rio da SEAD\/MA e reitores da Uema e UemaSul para tratar de reajuste salarial\t\t\t<\/a>\n\t\t<\/h4>\n\t\t\t\t<div class=\"elementor-post__excerpt\">\n\t\t\t<p>O presidente da Associa\u00e7\u00e3o dos Professores da Universidade Estadual do Maranh\u00e3o (Apruema), Cristovam Filho, participou, nesta ter\u00e7a-feira (18), de uma reuni\u00e3o virtual com o secret\u00e1rio<\/p>\n\t\t<\/div>\n\t\t\n\t\t<a class=\"elementor-post__read-more\" href=\"https:\/\/apruema.org.br\/index.php\/2026\/03\/18\/apruema-se-reune-com-secretario-da-sead-ma-e-reitores-da-uema-e-uemasul-para-tratar-de-reajuste-salarial\/\" aria-label=\"Read more about Apruema se re\u00fane com secret\u00e1rio da SEAD\/MA e reitores da Uema e UemaSul para tratar de reajuste salarial\" tabindex=\"-1\" >\n\t\t\tLeia mais \u00bb\t\t<\/a>\n\n\t\t\t\t<\/div>\n\t\t\t\t<div class=\"elementor-post__meta-data\">\n\t\t\t\t\t<span class=\"elementor-post-date\">\n\t\t\t18 de mar\u00e7o de 2026\t\t<\/span>\n\t\t\t\t<span class=\"elementor-post-avatar\">\n\t\t\tNenhum coment\u00e1rio\t\t<\/span>\n\t\t\t\t<\/div>\n\t\t\t\t\t<\/div>\n\t\t<\/article>\n\t\t\t\t<article class=\"elementor-post elementor-grid-item post-3562 post type-post status-publish format-standard has-post-thumbnail hentry category-notas\">\n\t\t\t<div class=\"elementor-post__card\">\n\t\t\t\t<a class=\"elementor-post__thumbnail__link\" href=\"https:\/\/apruema.org.br\/index.php\/2026\/03\/16\/apruema-aguarda-resposta-do-governo-do-estado-sobre-proposta-de-recomposicao-salarial-dos-docentes-da-uema-e-da-uemasul\/\" tabindex=\"-1\" ><div class=\"elementor-post__thumbnail\"><img loading=\"lazy\" decoding=\"async\" width=\"300\" height=\"300\" src=\"https:\/\/apruema.org.br\/wp-content\/uploads\/2026\/02\/com-fundo-branco-300x300.png\" class=\"attachment-medium size-medium wp-image-3538\" alt=\"\" srcset=\"https:\/\/apruema.org.br\/wp-content\/uploads\/2026\/02\/com-fundo-branco-300x300.png 300w, https:\/\/apruema.org.br\/wp-content\/uploads\/2026\/02\/com-fundo-branco-1024x1024.png 1024w, https:\/\/apruema.org.br\/wp-content\/uploads\/2026\/02\/com-fundo-branco-150x150.png 150w, https:\/\/apruema.org.br\/wp-content\/uploads\/2026\/02\/com-fundo-branco-768x768.png 768w, https:\/\/apruema.org.br\/wp-content\/uploads\/2026\/02\/com-fundo-branco-96x96.png 96w, https:\/\/apruema.org.br\/wp-content\/uploads\/2026\/02\/com-fundo-branco.png 1080w\" sizes=\"(max-width: 300px) 100vw, 300px\" \/><\/div><\/a>\n\t\t\t\t<div class=\"elementor-post__badge\">Notas<\/div>\n\t\t\t\t<div class=\"elementor-post__text\">\n\t\t\t\t<h4 class=\"elementor-post__title\">\n\t\t\t<a href=\"https:\/\/apruema.org.br\/index.php\/2026\/03\/16\/apruema-aguarda-resposta-do-governo-do-estado-sobre-proposta-de-recomposicao-salarial-dos-docentes-da-uema-e-da-uemasul\/\" >\n\t\t\t\tAPRUEMA aguarda resposta do Governo do Estado sobre proposta de recomposi\u00e7\u00e3o salarial dos docentes da UEMA e da UEMASUL\t\t\t<\/a>\n\t\t<\/h4>\n\t\t\t\t<div class=\"elementor-post__excerpt\">\n\t\t\t<p>NOTA A Diretoria da Associa\u00e7\u00e3o dos Professores da Universidade Estadual do Maranh\u00e3o \u2013APRUEMA informa que, at\u00e9 o momento, o Governo do Estado do Maranh\u00e3o ainda<\/p>\n\t\t<\/div>\n\t\t\n\t\t<a class=\"elementor-post__read-more\" href=\"https:\/\/apruema.org.br\/index.php\/2026\/03\/16\/apruema-aguarda-resposta-do-governo-do-estado-sobre-proposta-de-recomposicao-salarial-dos-docentes-da-uema-e-da-uemasul\/\" aria-label=\"Read more about APRUEMA aguarda resposta do Governo do Estado sobre proposta de recomposi\u00e7\u00e3o salarial dos docentes da UEMA e da UEMASUL\" tabindex=\"-1\" >\n\t\t\tLeia mais \u00bb\t\t<\/a>\n\n\t\t\t\t<\/div>\n\t\t\t\t<div class=\"elementor-post__meta-data\">\n\t\t\t\t\t<span class=\"elementor-post-date\">\n\t\t\t16 de mar\u00e7o de 2026\t\t<\/span>\n\t\t\t\t<span class=\"elementor-post-avatar\">\n\t\t\tNenhum coment\u00e1rio\t\t<\/span>\n\t\t\t\t<\/div>\n\t\t\t\t\t<\/div>\n\t\t<\/article>\n\t\t\t\t<\/div>\n\t\t\n\t\t\t\t<div class=\"e-load-more-anchor\" data-page=\"1\" data-max-page=\"35\" data-next-page=\"https:\/\/apruema.org.br\/index.php\/wp-json\/wp\/v2\/pages\/2370\/page\/2\/\"><\/div>\n\t\t\t\t<nav class=\"elementor-pagination\" aria-label=\"Pagina\u00e7\u00e3o\">\n\t\t\t<span aria-current=\"page\" class=\"page-numbers current\"><span class=\"elementor-screen-only\">P\u00e1gina<\/span>1<\/span>\n<a class=\"page-numbers\" href=\"https:\/\/apruema.org.br\/index.php\/wp-json\/wp\/v2\/pages\/2370\/page\/2\/\"><span class=\"elementor-screen-only\">P\u00e1gina<\/span>2<\/a>\n<a class=\"page-numbers\" href=\"https:\/\/apruema.org.br\/index.php\/wp-json\/wp\/v2\/pages\/2370\/page\/3\/\"><span class=\"elementor-screen-only\">P\u00e1gina<\/span>3<\/a>\n<a class=\"page-numbers\" href=\"https:\/\/apruema.org.br\/index.php\/wp-json\/wp\/v2\/pages\/2370\/page\/4\/\"><span class=\"elementor-screen-only\">P\u00e1gina<\/span>4<\/a>\n<a class=\"page-numbers\" href=\"https:\/\/apruema.org.br\/index.php\/wp-json\/wp\/v2\/pages\/2370\/page\/5\/\"><span class=\"elementor-screen-only\">P\u00e1gina<\/span>5<\/a>\n<a class=\"page-numbers\" href=\"https:\/\/apruema.org.br\/index.php\/wp-json\/wp\/v2\/pages\/2370\/page\/6\/\"><span class=\"elementor-screen-only\">P\u00e1gina<\/span>6<\/a>\n<a class=\"page-numbers\" href=\"https:\/\/apruema.org.br\/index.php\/wp-json\/wp\/v2\/pages\/2370\/page\/7\/\"><span class=\"elementor-screen-only\">P\u00e1gina<\/span>7<\/a>\n<a class=\"page-numbers\" href=\"https:\/\/apruema.org.br\/index.php\/wp-json\/wp\/v2\/pages\/2370\/page\/8\/\"><span class=\"elementor-screen-only\">P\u00e1gina<\/span>8<\/a>\n<a class=\"page-numbers\" href=\"https:\/\/apruema.org.br\/index.php\/wp-json\/wp\/v2\/pages\/2370\/page\/9\/\"><span class=\"elementor-screen-only\">P\u00e1gina<\/span>9<\/a>\n<a class=\"page-numbers\" href=\"https:\/\/apruema.org.br\/index.php\/wp-json\/wp\/v2\/pages\/2370\/page\/10\/\"><span class=\"elementor-screen-only\">P\u00e1gina<\/span>10<\/a>\t\t<\/nav>\n\t\t\t\t<\/div>\n\t\t\t\t<\/div>\n\t\t\t\t\t<\/div>\n\t\t\t\t<\/div>\n\t\t\t\t<\/div>\n\t\t","protected":false},"excerpt":{"rendered":"<p>Not\u00edcias<\/p>\n","protected":false},"author":1,"featured_media":0,"parent":0,"menu_order":0,"comment_status":"closed","ping_status":"closed","template":"","meta":{"footnotes":""},"_links":{"self":[{"href":"https:\/\/apruema.org.br\/index.php\/wp-json\/wp\/v2\/pages\/2370"}],"collection":[{"href":"https:\/\/apruema.org.br\/index.php\/wp-json\/wp\/v2\/pages"}],"about":[{"href":"https:\/\/apruema.org.br\/index.php\/wp-json\/wp\/v2\/types\/page"}],"author":[{"embeddable":true,"href":"https:\/\/apruema.org.br\/index.php\/wp-json\/wp\/v2\/users\/1"}],"replies":[{"embeddable":true,"href":"https:\/\/apruema.org.br\/index.php\/wp-json\/wp\/v2\/comments?post=2370"}],"version-history":[{"count":18,"href":"https:\/\/apruema.org.br\/index.php\/wp-json\/wp\/v2\/pages\/2370\/revisions"}],"predecessor-version":[{"id":2388,"href":"https:\/\/apruema.org.br\/index.php\/wp-json\/wp\/v2\/pages\/2370\/revisions\/2388"}],"wp:attachment":[{"href":"https:\/\/apruema.org.br\/index.php\/wp-json\/wp\/v2\/media?parent=2370"}],"curies":[{"name":"wp","href":"https:\/\/api.w.org\/{rel}","templated":true}]}}